{"id":224,"date":"2025-08-21T09:06:30","date_gmt":"2025-08-21T07:06:30","guid":{"rendered":"https:\/\/www.lahdenratsastajat.fi\/?page_id=224"},"modified":"2025-08-21T12:29:14","modified_gmt":"2025-08-21T10:29:14","slug":"224-2","status":"publish","type":"page","link":"https:\/\/www.lahdenratsastajat.fi\/?page_id=224","title":{"rendered":"Ratsastusvarustekirppari Tallille! -tapahtuman yhteydess\u00e4 31.8.2025"},"content":{"rendered":"<p>[et_pb_section fb_built=&#8221;1&#8243; _builder_version=&#8221;4.27.4&#8243; _module_preset=&#8221;default&#8221; global_colors_info=&#8221;{}&#8221;][et_pb_row _builder_version=&#8221;4.27.4&#8243; _module_preset=&#8221;default&#8221; global_colors_info=&#8221;{}&#8221;][et_pb_column type=&#8221;4_4&#8243; _builder_version=&#8221;4.27.4&#8243; _module_preset=&#8221;default&#8221; global_colors_info=&#8221;{}&#8221;][et_pb_text _builder_version=&#8221;4.27.4&#8243; _module_preset=&#8221;default&#8221; global_colors_info=&#8221;{}&#8221;]<\/p>\n<h1>Ratsastusvarustekirppari Tallille! -tapahtuman yhteydess\u00e4 31.8.2025<\/h1>\n<p>[\/et_pb_text][\/et_pb_column][\/et_pb_row][et_pb_row column_structure=&#8221;1_2,1_2&#8243; _builder_version=&#8221;4.27.4&#8243; _module_preset=&#8221;default&#8221; global_colors_info=&#8221;{}&#8221;][et_pb_column type=&#8221;1_2&#8243; _builder_version=&#8221;4.27.4&#8243; _module_preset=&#8221;default&#8221; global_colors_info=&#8221;{}&#8221;][et_pb_image src=&#8221;http:\/\/www.lahdenratsastajat.fi\/wp-content\/uploads\/2025\/08\/IG-1.jpg&#8221; title_text=&#8221;IG (1)&#8221; _builder_version=&#8221;4.27.4&#8243; _module_preset=&#8221;default&#8221; global_colors_info=&#8221;{}&#8221;][\/et_pb_image][\/et_pb_column][et_pb_column type=&#8221;1_2&#8243; _builder_version=&#8221;4.27.4&#8243; _module_preset=&#8221;default&#8221; global_colors_info=&#8221;{}&#8221;][et_pb_text _builder_version=&#8221;4.27.4&#8243; _module_preset=&#8221;default&#8221; global_colors_info=&#8221;{}&#8221;]<\/p>\n<p>J\u00e4rjest\u00e4mme Tallille!-tapahtuman yhteydess\u00e4 sunnuntaina 31.8.2025 ratsastusvarusteiden kirppiksen. T\u00e4ss\u00e4 olisi sinulle hyv\u00e4 syy siivota kaappeja ylim\u00e4\u00e4r\u00e4isist\u00e4 varusteista ja laittaa hyv\u00e4 kiert\u00e4m\u00e4\u00e4n kirppishinnoin.<\/p>\n<p><strong>Kirppari toimii n\u00e4in:<\/strong><\/p>\n<ol>\n<li>Ilmoittaudu mukaan viimeist\u00e4\u00e4n to 28.8. l\u00e4hett\u00e4m\u00e4ll\u00e4 s\u00e4hk\u00f6postia <a href=\"mailto:elina@lahdenratsastajat.fi\" title=\"Kirppari\">elina@lahdenratsastajat.fi<\/a>. Kerro ilmoittautumisen yhteydess\u00e4 nimesi (etu- ja sukunimi) ja puhelinnumerosi.<\/li>\n<li>Kirppismaksu on 5 \u20ac, jonka maksat Tallille-tapahtuman kahvilaan.<\/li>\n<li>Kirppis j\u00e4rjestet\u00e4\u00e4n vanhan maneesin katsomon keskiosaan. Paikat varataan ilmoittautumisj\u00e4rjestyksess\u00e4,<span data-offset-key=\"2f8d1-2-0\"> paikkoja on rajoitettu m\u00e4\u00e4r\u00e4.<\/span>\n<div class=\"\" data-block=\"true\" data-editor=\"dp3q2\" data-offset-key=\"e8aer-0-0\">\n<div data-offset-key=\"e8aer-0-0\" class=\"_1mf _1mj\"><span data-offset-key=\"e8aer-0-0\">Halutessasi voit lahjoittaa hyv\u00e4kuntoiset ja siistit ratsastusvarusteesi meille myyt\u00e4v\u00e4ksi, tuotot k\u00e4ytet\u00e4\u00e4n seuran tavoitteiden edist\u00e4miseen! Lahjoituksien tiimoilta ota yhteys Elinaan.<\/span><\/div>\n<\/div>\n<\/li>\n<\/ol>\n<p><strong>Kysytt\u00e4v\u00e4\u00e4?<\/strong><\/p>\n<p>Ota yhteytt\u00e4 Elinaan: <a href=\"mailto:elina@lahdenratsastajat.fi\" title=\"Kirppari\">elina@lahdenratsastajat.fi<\/a><\/p>\n<p>[\/et_pb_text][\/et_pb_column][\/et_pb_row][\/et_pb_section]<\/p>\n","protected":false},"excerpt":{"rendered":"<p>Ratsastusvarustekirppari Tallille! -tapahtuman yhteydess\u00e4 31.8.2025J\u00e4rjest\u00e4mme Tallille!-tapahtuman yhteydess\u00e4 sunnuntaina 31.8.2025 ratsastusvarusteiden kirppiksen. T\u00e4ss\u00e4 olisi sinulle hyv\u00e4 syy siivota kaappeja ylim\u00e4\u00e4r\u00e4isist\u00e4 varusteista ja laittaa hyv\u00e4 kiert\u00e4m\u00e4\u00e4n kirppishinnoin. Kirppari toimii n\u00e4in: Ilmoittaudu mukaan viimeist\u00e4\u00e4n to 28.8. l\u00e4hett\u00e4m\u00e4ll\u00e4 s\u00e4hk\u00f6postia elina@lahdenratsastajat.fi. Kerro ilmoittautumisen yhteydess\u00e4 nimesi (etu- ja sukunimi) ja puhelinnumerosi. Kirppismaksu on 5 \u20ac, jonka maksat Tallille-tapahtuman kahvilaan. Kirppis j\u00e4rjestet\u00e4\u00e4n [&hellip;]<\/p>\n","protected":false},"author":1,"featured_media":0,"parent":0,"menu_order":0,"comment_status":"closed","ping_status":"closed","template":"","meta":{"_et_pb_use_builder":"on","_et_pb_old_content":"","_et_gb_content_width":"","footnotes":""},"class_list":["post-224","page","type-page","status-publish","hentry"],"_links":{"self":[{"href":"https:\/\/www.lahdenratsastajat.fi\/index.php?rest_route=\/wp\/v2\/pages\/224","targetHints":{"allow":["GET"]}}],"collection":[{"href":"https:\/\/www.lahdenratsastajat.fi\/index.php?rest_route=\/wp\/v2\/pages"}],"about":[{"href":"https:\/\/www.lahdenratsastajat.fi\/index.php?rest_route=\/wp\/v2\/types\/page"}],"author":[{"embeddable":true,"href":"https:\/\/www.lahdenratsastajat.fi\/index.php?rest_route=\/wp\/v2\/users\/1"}],"replies":[{"embeddable":true,"href":"https:\/\/www.lahdenratsastajat.fi\/index.php?rest_route=%2Fwp%2Fv2%2Fcomments&post=224"}],"version-history":[{"count":5,"href":"https:\/\/www.lahdenratsastajat.fi\/index.php?rest_route=\/wp\/v2\/pages\/224\/revisions"}],"predecessor-version":[{"id":243,"href":"https:\/\/www.lahdenratsastajat.fi\/index.php?rest_route=\/wp\/v2\/pages\/224\/revisions\/243"}],"wp:attachment":[{"href":"https:\/\/www.lahdenratsastajat.fi\/index.php?rest_route=%2Fwp%2Fv2%2Fmedia&parent=224"}],"curies":[{"name":"wp","href":"https:\/\/api.w.org\/{rel}","templated":true}]}}